

{"id":225,"date":"2024-01-04T17:57:36","date_gmt":"2024-01-04T16:57:36","guid":{"rendered":"https:\/\/www.gestionproduit.fr\/mairie-rebigue\/?page_id=225"},"modified":"2024-01-04T18:06:00","modified_gmt":"2024-01-04T17:06:00","slug":"promenade","status":"publish","type":"page","link":"https:\/\/www.gestionproduit.fr\/mairie-rebigue\/promenade\/","title":{"rendered":"Promenade"},"content":{"rendered":"\n<p>Afin de d\u00e9velopper les sports et les loisirs de nature, le Sicoval travaille depuis plus de 20 ans \u00e0 l\u2019am\u00e9nagement, l\u2019entretien et la promotion d\u2019un vaste r\u00e9seau de promenade et de randonn\u00e9e.<\/p>\n\n\n\n<p><a href=\"https:\/\/www.sicoval.fr\/bouger-et-explorer\/destination-nature\/les-chemins-tolosans\/\">Chemin tolosans<\/a><\/p>\n\n\n\n<p><a href=\"https:\/\/www.sicoval.fr\/app\/uploads\/2021\/12\/carte-de-randonnee.pdf\" class=\"mtli_attachment mtli_pdf\" target=\"_blank\" rel=\"noreferrer noopener\">Carte des randonn\u00e9es<\/a><\/p>\n\n\n\n<h1 class=\"wp-block-heading\">Boucle de la Fount Grando<\/h1>\n\n\n\n<h2 class=\"wp-block-heading\"><em>Informations g\u00e9n\u00e9rales \u2026<\/em><\/h2>\n\n\n\n<p><strong>D\u00e9part :<\/strong> Rebigue<br>Parking de la place du Village (Route de la place)<\/p>\n\n\n\n<p><strong>Coordonn\u00e9es GPS :<\/strong> 43\u00b029\u201919.13\u2033 N ; 1\u00b028\u201925.33\u2033 E<\/p>\n\n\n\n<p><strong>Distance :<\/strong> 6 km<br><strong>D\u00e9nivel\u00e9 + :<\/strong>&nbsp; 55 m<br><strong>Niveau :<\/strong> Facile<\/p>\n\n\n\n<p><strong>Temps de marche<\/strong> : 2h00<\/p>\n\n\n\n<p><a href=\"https:\/\/storymaps.arcgis.com\/stories\/5238dd52acd64c24a91ac6f151efb4f9\" target=\"_blank\" rel=\"noreferrer noopener\">Lien<\/a><\/p>\n","protected":false},"excerpt":{"rendered":"<p>Afin de d\u00e9velopper les sports et les loisirs de nature, le Sicoval travaille depuis plus de 20 ans \u00e0 l\u2019am\u00e9nagement, l\u2019entretien et la promotion d\u2019un vaste r\u00e9seau de promenade et de randonn\u00e9e. Chemin tolosans Carte des randonn\u00e9es Boucle de la &hellip; <a href=\"https:\/\/www.gestionproduit.fr\/mairie-rebigue\/promenade\/\">Continuer la lecture <span class=\"meta-nav\">&rarr;<\/span><\/a><\/p>\n","protected":false},"author":1,"featured_media":0,"parent":0,"menu_order":0,"comment_status":"closed","ping_status":"closed","template":"","meta":{"footnotes":""},"class_list":["post-225","page","type-page","status-publish","hentry"],"publishpress_future_action":{"enabled":false,"date":"2026-05-07 09:27:45","action":"change-status","newStatus":"draft","terms":[],"taxonomy":"","extraData":[]},"publishpress_future_workflow_manual_trigger":{"enabledWorkflows":[]},"_links":{"self":[{"href":"https:\/\/www.gestionproduit.fr\/mairie-rebigue\/wp-json\/wp\/v2\/pages\/225","targetHints":{"allow":["GET"]}}],"collection":[{"href":"https:\/\/www.gestionproduit.fr\/mairie-rebigue\/wp-json\/wp\/v2\/pages"}],"about":[{"href":"https:\/\/www.gestionproduit.fr\/mairie-rebigue\/wp-json\/wp\/v2\/types\/page"}],"author":[{"embeddable":true,"href":"https:\/\/www.gestionproduit.fr\/mairie-rebigue\/wp-json\/wp\/v2\/users\/1"}],"replies":[{"embeddable":true,"href":"https:\/\/www.gestionproduit.fr\/mairie-rebigue\/wp-json\/wp\/v2\/comments?post=225"}],"version-history":[{"count":8,"href":"https:\/\/www.gestionproduit.fr\/mairie-rebigue\/wp-json\/wp\/v2\/pages\/225\/revisions"}],"predecessor-version":[{"id":235,"href":"https:\/\/www.gestionproduit.fr\/mairie-rebigue\/wp-json\/wp\/v2\/pages\/225\/revisions\/235"}],"wp:attachment":[{"href":"https:\/\/www.gestionproduit.fr\/mairie-rebigue\/wp-json\/wp\/v2\/media?parent=225"}],"curies":[{"name":"wp","href":"https:\/\/api.w.org\/{rel}","templated":true}]}}